{"id":6416,"date":"2024-05-02T15:55:06","date_gmt":"2024-05-02T12:55:06","guid":{"rendered":"https:\/\/europeforum.fi\/media"},"modified":"2025-09-09T09:35:28","modified_gmt":"2025-09-09T06:35:28","slug":"media","status":"publish","type":"page","link":"https:\/\/europeforum.fi\/en\/media\/","title":{"rendered":"Media"},"content":{"rendered":"[vc_row type=&#8221;full_width_background&#8221; full_screen_row_position=&#8221;middle&#8221; column_margin=&#8221;default&#8221; column_direction=&#8221;default&#8221; column_direction_tablet=&#8221;default&#8221; column_direction_phone=&#8221;default&#8221; bg_color=&#8221;#ffffff&#8221; animated_gradient_bg=&#8221;true&#8221; animated_gradient_bg_color_1=&#8221;#e5ecff&#8221; animated_gradient_bg_color_2=&#8221;#c6dcff&#8221; animated_gradient_bg_speed=&#8221;850&#8243; animated_gradient_bg_blending_mode=&#8221;linear&#8221; scene_position=&#8221;center&#8221; top_padding=&#8221;180&#8243; bottom_padding=&#8221;4%&#8221; top_padding_tablet=&#8221;50&#8243; top_padding_phone=&#8221;50&#8243; bottom_padding_phone=&#8221;15%&#8221; text_color=&#8221;dark&#8221; text_align=&#8221;left&#8221; row_border_radius=&#8221;none&#8221; row_border_radius_applies=&#8221;bg&#8221; overflow=&#8221;visible&#8221; overlay_strength=&#8221;0.3&#8243; gradient_direction=&#8221;left_to_right&#8221; shape_divider_position=&#8221;bottom&#8221; bg_image_animation=&#8221;none&#8221; gradient_type=&#8221;default&#8221; shape_type=&#8221;&#8221;][vc_column left_padding_desktop=&#8221;4%&#8221; constrain_group_101=&#8221;yes&#8221; right_padding_desktop=&#8221;4%&#8221; left_padding_tablet=&#8221;0&#8243; constrain_group_103=&#8221;yes&#8221; right_padding_tablet=&#8221;0&#8243; left_padding_phone=&#8221;0&#8243; constrain_group_105=&#8221;yes&#8221; right_padding_phone=&#8221;0&#8243; column_element_direction_desktop=&#8221;default&#8221; column_element_spacing=&#8221;default&#8221; desktop_text_alignment=&#8221;default&#8221; tablet_text_alignment=&#8221;default&#8221; phone_text_alignment=&#8221;default&#8221; background_color_opacity=&#8221;1&#8243; background_hover_color_opacity=&#8221;1&#8243; column_backdrop_filter=&#8221;none&#8221; column_shadow=&#8221;none&#8221; column_border_radius=&#8221;none&#8221; column_link_target=&#8221;_self&#8221; column_position=&#8221;default&#8221; gradient_direction=&#8221;left_to_right&#8221; overlay_strength=&#8221;0.3&#8243; width=&#8221;1\/1&#8243; tablet_width_inherit=&#8221;small_desktop&#8221; animation_type=&#8221;default&#8221; bg_image_animation=&#8221;none&#8221; border_type=&#8221;simple&#8221; column_border_width=&#8221;none&#8221; column_border_style=&#8221;solid&#8221; column_padding_type=&#8221;advanced&#8221; gradient_type=&#8221;default&#8221;][vc_row_inner equal_height=&#8221;yes&#8221; content_placement=&#8221;middle&#8221; column_margin=&#8221;100px&#8221; column_direction=&#8221;default&#8221; column_direction_tablet=&#8221;column_reverse&#8221; column_direction_phone=&#8221;column_reverse&#8221; text_align=&#8221;left&#8221; row_position=&#8221;default&#8221; row_position_tablet=&#8221;inherit&#8221; row_position_phone=&#8221;inherit&#8221; overflow=&#8221;visible&#8221; pointer_events=&#8221;all&#8221;][vc_column_inner column_padding=&#8221;no-extra-padding&#8221; column_padding_tablet=&#8221;inherit&#8221; column_padding_phone=&#8221;inherit&#8221; column_padding_position=&#8221;all&#8221; top_margin_tablet=&#8221;2%&#8221; bottom_margin_tablet=&#8221;2%&#8221; column_element_direction_desktop=&#8221;default&#8221; column_element_spacing=&#8221;default&#8221; desktop_text_alignment=&#8221;default&#8221; tablet_text_alignment=&#8221;default&#8221; phone_text_alignment=&#8221;default&#8221; background_color_opacity=&#8221;1&#8243; background_hover_color_opacity=&#8221;1&#8243; column_backdrop_filter=&#8221;none&#8221; column_shadow=&#8221;none&#8221; column_border_radius=&#8221;none&#8221; column_link_target=&#8221;_self&#8221; overflow=&#8221;visible&#8221; gradient_direction=&#8221;left_to_right&#8221; overlay_strength=&#8221;0.3&#8243; width=&#8221;3\/5&#8243; tablet_width_inherit=&#8221;default&#8221; animation_type=&#8221;default&#8221; bg_image_animation=&#8221;none&#8221; border_type=&#8221;simple&#8221; column_border_width=&#8221;none&#8221; column_border_style=&#8221;solid&#8221; column_padding_type=&#8221;default&#8221; gradient_type=&#8221;default&#8221;][nectar_responsive_text inherited_font_style=&#8221;default&#8221; text_color=&#8221;#003399&#8243; text_direction=&#8221;default&#8221; font_size_desktop=&#8221;77px&#8221; font_line_height=&#8221;1.1&#8243; font_size_phone=&#8221;50px&#8221; max_width=&#8221;570&#8243;]\n<h1>Media<\/h1>\n[\/nectar_responsive_text][vc_column_text css=&#8221;&#8221; text_direction=&#8221;default&#8221; max_width=&#8221;600&#8243;]Contact for the media:<\/p>\n<p>Communications Manager Irene Pendolin \/ <a href=\"mailto:irene.pendolin@turku.fi\">irene.pendolin@turku.fi<\/a>, 040 848 6242<\/p>\n<p>Media representatives must register for accreditation at <a href=\"https:\/\/www.lyyti.fi\/reg\/Eurooppa-foorumi2025\/en\" target=\"_blank\" rel=\"noopener\">https:\/\/www.lyyti.fi\/reg\/Eurooppa-foorumi2025<\/a>[\/vc_column_text][\/vc_column_inner][vc_column_inner column_padding=&#8221;no-extra-padding&#8221; column_padding_tablet=&#8221;inherit&#8221; column_padding_phone=&#8221;inherit&#8221; column_padding_position=&#8221;all&#8221; column_element_direction_desktop=&#8221;default&#8221; column_element_spacing=&#8221;default&#8221; desktop_text_alignment=&#8221;default&#8221; tablet_text_alignment=&#8221;default&#8221; phone_text_alignment=&#8221;default&#8221; background_color_opacity=&#8221;1&#8243; background_hover_color_opacity=&#8221;1&#8243; column_backdrop_filter=&#8221;none&#8221; column_shadow=&#8221;none&#8221; column_border_radius=&#8221;none&#8221; column_link_target=&#8221;_self&#8221; overflow=&#8221;visible&#8221; gradient_direction=&#8221;left_to_right&#8221; overlay_strength=&#8221;0.3&#8243; width=&#8221;2\/5&#8243; tablet_width_inherit=&#8221;default&#8221; animation_type=&#8221;default&#8221; bg_image_animation=&#8221;none&#8221; border_type=&#8221;simple&#8221; column_border_width=&#8221;none&#8221; column_border_style=&#8221;solid&#8221; column_padding_type=&#8221;default&#8221; gradient_type=&#8221;default&#8221;][image_with_animation image_url=&#8221;8937&#8243; image_size=&#8221;full&#8221; animation_type=&#8221;entrance&#8221; animation=&#8221;None&#8221; animation_movement_type=&#8221;transform_y&#8221; hover_animation=&#8221;none&#8221; alignment=&#8221;&#8221; border_radius=&#8221;none&#8221; box_shadow=&#8221;none&#8221; image_loading=&#8221;default&#8221; max_width=&#8221;100%&#8221; max_width_mobile=&#8221;default&#8221; mask_enable=&#8221;true&#8221; mask_shape=&#8221;custom&#8221; mask_custom_image=&#8221;5962&#8243; mask_size=&#8221;contain&#8221;][\/vc_column_inner][\/vc_row_inner][\/vc_column][\/vc_row][vc_row type=&#8221;in_container&#8221; full_screen_row_position=&#8221;middle&#8221; column_margin=&#8221;default&#8221; column_direction=&#8221;default&#8221; column_direction_tablet=&#8221;default&#8221; column_direction_phone=&#8221;default&#8221; scene_position=&#8221;center&#8221; top_padding=&#8221;2%&#8221; bottom_padding=&#8221;4%&#8221; top_padding_tablet=&#8221;4%&#8221; bottom_padding_tablet=&#8221;8%&#8221; top_padding_phone=&#8221;6%&#8221; bottom_padding_phone=&#8221;12%&#8221; text_color=&#8221;dark&#8221; text_align=&#8221;left&#8221; row_border_radius=&#8221;none&#8221; row_border_radius_applies=&#8221;bg&#8221; overflow=&#8221;visible&#8221; overlay_strength=&#8221;0.3&#8243; gradient_direction=&#8221;left_to_right&#8221; shape_divider_position=&#8221;bottom&#8221; bg_image_animation=&#8221;none&#8221; gradient_type=&#8221;default&#8221; shape_type=&#8221;&#8221;][vc_column column_padding=&#8221;no-extra-padding&#8221; column_padding_tablet=&#8221;inherit&#8221; column_padding_phone=&#8221;inherit&#8221; column_padding_position=&#8221;all&#8221; left_margin=&#8221;4%&#8221; constrain_group_2=&#8221;yes&#8221; right_margin=&#8221;4%&#8221; left_margin_tablet=&#8221;0&#8243; constrain_group_4=&#8221;yes&#8221; right_margin_tablet=&#8221;0&#8243; left_margin_phone=&#8221;0&#8243; constrain_group_6=&#8221;yes&#8221; right_margin_phone=&#8221;0&#8243; column_element_direction_desktop=&#8221;default&#8221; column_element_spacing=&#8221;default&#8221; desktop_text_alignment=&#8221;default&#8221; tablet_text_alignment=&#8221;default&#8221; phone_text_alignment=&#8221;default&#8221; background_color_opacity=&#8221;1&#8243; background_hover_color_opacity=&#8221;1&#8243; column_backdrop_filter=&#8221;none&#8221; column_shadow=&#8221;none&#8221; column_border_radius=&#8221;none&#8221; column_link_target=&#8221;_self&#8221; column_position=&#8221;default&#8221; gradient_direction=&#8221;left_to_right&#8221; overlay_strength=&#8221;0.3&#8243; width=&#8221;1\/1&#8243; tablet_width_inherit=&#8221;default&#8221; animation_type=&#8221;default&#8221; bg_image_animation=&#8221;none&#8221; border_type=&#8221;simple&#8221; column_border_width=&#8221;none&#8221; column_border_style=&#8221;solid&#8221; column_padding_type=&#8221;default&#8221; gradient_type=&#8221;default&#8221;][vc_row_inner equal_height=&#8221;yes&#8221; content_placement=&#8221;top&#8221; column_margin=&#8221;100px&#8221; column_direction=&#8221;default&#8221; column_direction_tablet=&#8221;default&#8221; column_direction_phone=&#8221;default&#8221; top_padding=&#8221;3%&#8221; text_align=&#8221;left&#8221; row_position=&#8221;default&#8221; row_position_tablet=&#8221;inherit&#8221; row_position_phone=&#8221;inherit&#8221; overflow=&#8221;visible&#8221; pointer_events=&#8221;all&#8221;][vc_column_inner column_padding=&#8221;no-extra-padding&#8221; column_padding_tablet=&#8221;inherit&#8221; column_padding_phone=&#8221;inherit&#8221; column_padding_position=&#8221;all&#8221; column_element_direction_desktop=&#8221;default&#8221; column_element_spacing=&#8221;default&#8221; desktop_text_alignment=&#8221;default&#8221; tablet_text_alignment=&#8221;default&#8221; phone_text_alignment=&#8221;default&#8221; background_color_opacity=&#8221;1&#8243; background_hover_color_opacity=&#8221;1&#8243; column_backdrop_filter=&#8221;none&#8221; column_shadow=&#8221;none&#8221; column_border_radius=&#8221;none&#8221; column_link_target=&#8221;_self&#8221; overflow=&#8221;visible&#8221; gradient_direction=&#8221;left_to_right&#8221; overlay_strength=&#8221;0.3&#8243; width=&#8221;1\/2&#8243; tablet_width_inherit=&#8221;default&#8221; animation_type=&#8221;default&#8221; bg_image_animation=&#8221;none&#8221; border_type=&#8221;simple&#8221; column_border_width=&#8221;none&#8221; column_border_style=&#8221;solid&#8221;][nectar_responsive_text inherited_font_style=&#8221;default&#8221; text_color=&#8221;#003399&#8243; text_direction=&#8221;default&#8221;]\n<h3>Logos and images<\/h3>\n[\/nectar_responsive_text][vc_column_text css=&#8221;&#8221; text_direction=&#8221;default&#8221;]The Europe Forum&#8217;s logos in different language versions can be downloaded from <a href=\"https:\/\/drive.google.com\/drive\/u\/1\/folders\/1VJpsp5_oOJzQhAm4wdt3itjBltLfrDs0\" target=\"_blank\" rel=\"noopener\">Drive<\/a>. Pictures will be updated on the site at the end of event days.<\/p>\n<p>Images can be downloaded from <a href=\"https:\/\/drive.google.com\/drive\/folders\/1TydQ4IVQfDhFAyI_AMaP2woqKZZID3DF\" target=\"_blank\" rel=\"noopener\">Drive<\/a>. The images may be used freely, but please mention the photographer when using them.<\/p>\n<p>If you need printable logos, contact <a href=\"mailto:info.europeforum@turku.fi\">info.europeforum@turku.fi<\/a>.[\/vc_column_text][divider line_type=&#8221;No Line&#8221; custom_height=&#8221;30&#8243; custom_height_phone=&#8221;15&#8243;][nectar_responsive_text inherited_font_style=&#8221;default&#8221; text_color=&#8221;#003399&#8243; text_direction=&#8221;default&#8221;]\n<h3>PowerPoint templates<\/h3>\n[\/nectar_responsive_text][vc_column_text css=&#8221;&#8221; text_direction=&#8221;default&#8221;]The Europe Forum PowerPoint templates (Finnish, Swedish, English) can be downloaded from <a href=\"https:\/\/drive.google.com\/drive\/u\/1\/folders\/1OIUWqju2tRahYDj8LGH0Noppj05TWfSY\" target=\"_blank\" rel=\"noopener\">Drive<\/a>.[\/vc_column_text][\/vc_column_inner][vc_column_inner column_padding=&#8221;no-extra-padding&#8221; column_padding_tablet=&#8221;inherit&#8221; column_padding_phone=&#8221;inherit&#8221; column_padding_position=&#8221;all&#8221; top_margin_phone=&#8221;20&#8243; column_element_direction_desktop=&#8221;default&#8221; column_element_spacing=&#8221;default&#8221; desktop_text_alignment=&#8221;default&#8221; tablet_text_alignment=&#8221;default&#8221; phone_text_alignment=&#8221;default&#8221; background_color_opacity=&#8221;1&#8243; background_hover_color_opacity=&#8221;1&#8243; column_backdrop_filter=&#8221;none&#8221; column_shadow=&#8221;none&#8221; column_border_radius=&#8221;none&#8221; column_link_target=&#8221;_self&#8221; overflow=&#8221;visible&#8221; gradient_direction=&#8221;left_to_right&#8221; overlay_strength=&#8221;0.3&#8243; width=&#8221;1\/2&#8243; tablet_width_inherit=&#8221;default&#8221; animation_type=&#8221;default&#8221; bg_image_animation=&#8221;none&#8221; border_type=&#8221;simple&#8221; column_border_width=&#8221;none&#8221; column_border_style=&#8221;solid&#8221; column_padding_type=&#8221;default&#8221; gradient_type=&#8221;default&#8221;][nectar_responsive_text inherited_font_style=&#8221;default&#8221; text_color=&#8221;#003399&#8243; text_direction=&#8221;default&#8221;]\n<h3>Watch videos<\/h3>\n[\/nectar_responsive_text][vc_column_text css=&#8221;&#8221; text_direction=&#8221;default&#8221;]<a href=\"https:\/\/youtu.be\/1mUwG0vpMcQ?si=t0tXdnlR0wwEq13h\" target=\"_blank\" rel=\"noopener\">Europe Forum 2025 summary video<\/a><\/p>\n<p><a href=\"https:\/\/www.youtube.com\/watch?v=016uAFEpkFI\" target=\"_blank\" rel=\"noopener\">Welcome to the Europe Forum 2025!<\/a><\/p>\n<p><a href=\"https:\/\/www.youtube.com\/watch?v=t4GFnt6q2Io\" target=\"_blank\" rel=\"noopener\">Europe Forum 2024 summary video<\/a><\/p>\n<p><a href=\"https:\/\/www.youtube.com\/watch?v=hLF-oOuLWC4\" target=\"_blank\" rel=\"noopener\">Welcome to the Europe Forum 2024!<\/a><\/p>\n<p><a href=\"https:\/\/www.youtube.com\/watch?v=yRaAalZzLD4\" target=\"_blank\" rel=\"noopener\">Europe Forum 2023 summary video<\/a><\/p>\n<p><a href=\"https:\/\/www.youtube.com\/watch?v=kzLlbWah2j8\" target=\"_blank\" rel=\"noopener\">Welcome to the Europe Forum 2023!<\/a><\/p>\n<p><a href=\"https:\/\/youtu.be\/txz4uxgsysk\" target=\"_blank\" rel=\"noopener\">Europe Forum 2022 summary video<\/a><\/p>\n<p><a href=\"https:\/\/youtu.be\/V26qsDGBoY0\" target=\"_blank\" rel=\"noopener\">Event video 2022, EU and education<\/a><\/p>\n<p><a href=\"https:\/\/youtu.be\/V26qsDGBoY0\" target=\"_blank\" rel=\"noopener\">Event video 2022, Ukraine, NATO and security<\/a><\/p>\n<p><a href=\"https:\/\/youtu.be\/ivfVStEclG8\" target=\"_blank\" rel=\"noopener\">Event video 2022, Climate change and the green transition<\/a>[\/vc_column_text][\/vc_column_inner][\/vc_row_inner][toggles style=&#8221;minimal&#8221;][toggle color=&#8221;Accent-Color&#8221; heading_tag=&#8221;h3&#8243; heading_tag_functionality=&#8221;default&#8221; title=&#8221;Press release archive&#8221;][vc_column_text css=&#8221;&#8221; text_direction=&#8221;default&#8221;]<strong>Press releases 2025<\/strong><\/p>\n<p><a href=\"https:\/\/www.epressi.com\/tiedotteet\/kaupungit-ja-kunnat\/eurooppa-foorumi-teki-yleisoennatyksen-euroopan-tulevaisuus-muuttuvassa-maailmassa-puhutti-tuhatpaista-yleisoa.html\" target=\"_blank\" rel=\"noopener\">29.8. Eurooppa-foorumi teki yleis\u00f6enn\u00e4tyksen \u2013 Euroopan tulevaisuus muuttuvassa maailmassa puhutti tuhatp\u00e4ist\u00e4 yleis\u00f6\u00e4<\/a><\/p>\n<p><a href=\"https:\/\/www.epressi.com\/tiedotteet\/kaupungit-ja-kunnat\/europe-forum-starts-on-wednesday-there-is-still-time-to-join-the-discussions-in-turku-finland-between-27-and-29-august-2025.html?block=5&amp;customer=2270\" target=\"_blank\" rel=\"noopener\">25.8. Europe Forum starts on Wednesday \u2013 there is still time to join the discussions in Turku, Finland, between 27 and 29 August 2025<\/a><\/p>\n<p><a href=\"https:\/\/www.epressi.com\/tiedotteet\/kaupungit-ja-kunnat\/the-europe-forum-invites-everyone-to-discuss-the-direction-of-europe-in-a-changing-world-on-27-29-august.html\" target=\"_blank\" rel=\"noopener\">13.8. The Europe Forum invites everyone to discuss the direction of Europe in a changing world on 27\u201329 August<\/a><\/p>\n<p><a href=\"https:\/\/www.epressi.com\/tiedotteet\/kaupungit-ja-kunnat\/the-programme-framework-for-the-europe-forum-has-been-announced-the-theme-is-europes-direction-in-a-changing-world.html\" target=\"_blank\" rel=\"noopener\">12.6. The programme framework for the Europe Forum has been announced \u2013 the theme is Europe&#8217;s direction in a changing world<\/a><\/p>\n<p><a href=\"https:\/\/www.epressi.com\/tiedotteet\/kaupungit-ja-kunnat\/eurooppa-foorumi-2025-juhlistaa-suomen-30-vuotista-eu-jasenyytta-keskustelun-ytimessa-euroopan-suunta-muuttuvassa-maailmassa.html\" target=\"_blank\" rel=\"noopener\">9.5.2025 Eurooppa-foorumi 2025 juhlistaa Suomen 30-vuotista EU-j\u00e4senyytt\u00e4 \u2013 keskustelun ytimess\u00e4 Euroopan suunta muuttuvassa maailmassa <\/a><\/p>\n<p><strong>Press releases 2023<\/strong><\/p>\n<div class=\"wp-block-columns is-layout-flex wp-container-core-columns-is-layout-1 wp-block-columns-is-layout-flex\">\n<div class=\"wp-block-column is-layout-flow wp-block-column-is-layout-flow\">\n<p><a href=\"https:\/\/www.epressi.com\/tiedotteet\/kaupungit-ja-kunnat\/muuttuva-eurooppa-puhutti-paattajia-asiantuntijoita-ja-kansalaisia-eurooppa-foorumissa.html\" target=\"_blank\" rel=\"noopener\">1.9.2023: Muuttuva Eurooppa puhutti p\u00e4\u00e4tt\u00e4ji\u00e4, asiantuntijoita ja kansalaisia Eurooppa-foorumissa<\/a><\/p>\n<p><a href=\"https:\/\/www.epressi.com\/tiedotteet\/kaupungit-ja-kunnat\/politiikan-syksy-starttaa-jalleen-turusta-eurooppa-foorumissa-muuttuvasta-euroopasta-keskustelemassa-huippupaattajat-ja-asiantuntijat-paaministeri-orpon-johdolla.html\" target=\"_blank\" rel=\"noopener\">29.8.2023: Politiikan syksy starttaa j\u00e4lleen Turusta Eurooppa-foorumissa \u2013 muuttuvasta Euroopasta keskustelemassa huippup\u00e4\u00e4tt\u00e4j\u00e4t ja -asiantuntijat p\u00e4\u00e4ministeri Orpon johdolla<\/a><\/p>\n<p><a href=\"https:\/\/www.epressi.com\/tiedotteet\/kaupungit-ja-kunnat\/eurooppa-foorumi-kutsuu-kaikki-keskustelemaan-muuttuvasta-euroopasta-turkuun-30.8.-1.9..html\" target=\"_blank\" rel=\"noopener\">16.8.2023 Eurooppa-foorumi kutsuu kaikki keskustelemaan muuttuvasta Euroopasta Turkuun 30.8.\u20131.9.<\/a><\/p>\n<p><a href=\"https:\/\/www.epressi.com\/tiedotteet\/kaupungit-ja-kunnat\/turvallisuuspolitiikka-puhuttaa-30.8.-1.9.-eurooppa-foorumissa-turussa.html\" target=\"_blank\" rel=\"noreferrer noopener\" data-type=\"URL\" data-id=\"https:\/\/www.epressi.com\/tiedotteet\/kaupungit-ja-kunnat\/turvallisuuspolitiikka-puhuttaa-30.8.-1.9.-eurooppa-foorumissa-turussa.html\">14.6.2023 Turvallisuuspolitiikka puhuttaa 30.8.-1.9. Eurooppa-foorumissa Turussa<\/a><\/p>\n<p><a href=\"https:\/\/www.epressi.com\/tiedotteet\/kaupungit-ja-kunnat\/eurooppa-foorumi-kokoaa-yhteen-kansalaiset-seka-politiikan-talouden-ja-tutkimuksen-huippunimet-elo-syyskuussa.html\" target=\"_blank\" rel=\"noreferrer noopener\" data-type=\"URL\" data-id=\"https:\/\/www.epressi.com\/tiedotteet\/kaupungit-ja-kunnat\/eurooppa-foorumi-kokoaa-yhteen-kansalaiset-seka-politiikan-talouden-ja-tutkimuksen-huippunimet-elo-syyskuussa.html\">9.5.2023 Eurooppa-foorumi kokoaa yhteen kansalaiset sek\u00e4 politiikan, talouden ja tutkimuksen huippunimet elo-syyskuussa<\/a><\/p>\n<\/div>\n<\/div>\n<p><strong>Press releases 2021\u20132022<\/strong><\/p>\n<p><a href=\"https:\/\/www.epressi.com\/tiedotteet\/kaupungit-ja-kunnat\/eurooppa-foorumi-2022-oli-menestys-ulko-ja-turvallisuuspoliittinen-tilanne-talous-seka-energia-puhuttivat-paattajia-asiantuntijoita-ja-kansalaisia.html\" target=\"_blank\" rel=\"noreferrer noopener\" data-type=\"URL\" data-id=\"https:\/\/www.epressi.com\/tiedotteet\/kaupungit-ja-kunnat\/eurooppa-foorumi-2022-oli-menestys-ulko-ja-turvallisuuspoliittinen-tilanne-talous-seka-energia-puhuttivat-paattajia-asiantuntijoita-ja-kansalaisia.html\">26.8.2022 Eurooppa-foorumi 2022 oli menestys \u2013 ulko- ja turvallisuuspoliittinen tilanne, talous sek\u00e4 energia puhuttivat p\u00e4\u00e4tt\u00e4ji\u00e4, asiantuntijoita ja kansalaisia<\/a><\/p>\n<p><a href=\"https:\/\/www.epressi.com\/tiedotteet\/kaupungit-ja-kunnat\/eun-ja-suomen-tulevaisuus-seka-ukraina-ovat-vahvasti-esilla-eurooppa-foorumin-ohjelmassa.html\" target=\"_blank\" rel=\"noreferrer noopener\">18.8.2022 EU:n ja Suomen tulevaisuus sek\u00e4 Ukraina ovat vahvasti esill\u00e4 Eurooppa-foorumin ohjelmassa<\/a><\/p>\n<p><a href=\"https:\/\/www.epressi.com\/tiedotteet\/kaupungit-ja-kunnat\/eurooppa-foorumi-kutsuu-kaikki-keskustelemaan-euroopan-ja-suomen-tulevaisuudesta-24.-26.8..html\" target=\"_blank\" rel=\"noreferrer noopener\" data-type=\"URL\" data-id=\"https:\/\/www.epressi.com\/tiedotteet\/kaupungit-ja-kunnat\/eurooppa-foorumi-kutsuu-kaikki-keskustelemaan-euroopan-ja-suomen-tulevaisuudesta-24.-26.8..html\">10.8.2022 Eurooppa-foorumi kutsuu kaikki keskustelemaan Euroopan ja Suomen tulevaisuudesta 24.\u201326.8.<\/a><\/p>\n<p><a href=\"https:\/\/www.epressi.com\/tiedotteet\/kaupungit-ja-kunnat\/eurooppa-foorumin-ohjelma-taydentynyt-elokuussa-turussa-kohtaavat-jalleen-politiikan-talouden-ja-tieteen-huippuasiantuntijat.html\" target=\"_blank\" rel=\"noreferrer noopener\">20.6.2022 Eurooppa-foorumin ohjelma t\u00e4ydentynyt: elokuussa Turussa kohtaavat j\u00e4lleen politiikan, talouden ja tieteen huippuasiantuntijat<\/a><\/p>\n<p><a href=\"https:\/\/www.epressi.com\/tiedotteet\/kaupungit-ja-kunnat\/eurooppa-foorumi-kokoaa-jalleen-politiikan-talouden-ja-tutkimuksen-huippunimet-elokuussa.html\" target=\"_blank\" rel=\"noreferrer noopener\">9.5.2022 Eurooppa-foorumi kokoaa j\u00e4lleen politiikan, talouden ja tutkimuksen huippunimet elokuussa<\/a><\/p>\n<p><a href=\"https:\/\/www.epressi.com\/tiedotteet\/kaupungit-ja-kunnat\/turussa-jarjestetty-eurooppa-foorumi-heratti-vakevaa-keskustelua-informaatiovaikuttamisesta-turvallisuuspolitiikasta-ja-eun-roolista.html\" target=\"_blank\" rel=\"noreferrer noopener\">27.8.2021 Turussa j\u00e4rjestetty Eurooppa-foorumi her\u00e4tti v\u00e4kev\u00e4\u00e4 keskustelua informaatiovaikuttamisesta, turvallisuuspolitiikasta ja EU:n roolista<\/a><\/p>\n<p><a href=\"https:\/\/www.epressi.com\/tiedotteet\/kaupungit-ja-kunnat\/eurooppa-foorumi-haastaa-kansalaiset-keskustelemaan-verkossa-euroopan-tulevaisuudesta-tapahtuma-kaynnistyy-keskiviikkona-25.8.-turussa.html\" target=\"_blank\" rel=\"noreferrer noopener\">24.8.2021 Eurooppa-foorumi haastaa kansalaiset keskustelemaan verkossa Euroopan tulevaisuudesta \u2013 tapahtuma k\u00e4ynnistyy keskiviikkona 25.8. Turussa<\/a><\/p>\n<p><a href=\"https:\/\/www.epressi.com\/tiedotteet\/talous\/ranska-ruotsi-iso-britannia-ja-yhdysvallat-havittajahankintaa-taustoittavassa-paneelissa-eurooppa-foorumissa-turussa-25.8.2021.html\" target=\"_blank\" rel=\"noreferrer noopener\">19.8.2021 Ranska, Ruotsi, Iso-Britannia ja Yhdysvallat h\u00e4vitt\u00e4j\u00e4hankintaa taustoittavassa paneelissa Eurooppa-foorumissa Turussa 25.8.2021<\/a><\/p>\n<p><a href=\"https:\/\/www.epressi.com\/tiedotteet\/kaupungit-ja-kunnat\/eu-politiikan-karkinimet-avaavat-turussa-politiikan-syksyn.html\" target=\"_blank\" rel=\"noopener\">17.8.2021 EU-politiikan k\u00e4rkinimet avaavat Turussa politiikan syksyn<\/a><\/p>\n<p><a href=\"https:\/\/www.epressi.com\/tiedotteet\/kaupungit-ja-kunnat\/ulkoministerio-ja-turun-eurooppa-foorumi-tiivistavat-yhteistyotaan.html\" target=\"_blank\" rel=\"noreferrer noopener\">12.8.2021 Ulkoministeri\u00f6 ja Turun Eurooppa-foorumi tiivist\u00e4v\u00e4t yhteisty\u00f6t\u00e4\u00e4n<\/a><\/p>\n<p><a href=\"https:\/\/www.epressi.com\/tiedotteet\/kaupungit-ja-kunnat\/eurooppa-foorumi-tuo-nuorten-aanta-esille-elokuussa-turussa.html\" target=\"_blank\" rel=\"noopener\">28.7.2021 Eurooppa-foorumi tuo nuorten \u00e4\u00e4nt\u00e4 esille elokuussa Turussa<\/a><\/p>\n<p><a href=\"https:\/\/www.epressi.com\/tiedotteet\/kaupungit-ja-kunnat\/eurooppa-foorumin-koko-ohjelma-julki-elokuussa-turku-on-jalleen-politiikan-talouden-ja-tieteen-keskus.html\" target=\"_blank\" rel=\"noopener\">16.6.2021 Eurooppa-foorumin koko ohjelma julki: Elokuussa Turku on j\u00e4lleen politiikan, talouden ja tieteen keskus<\/a><\/p>\n<p><a class=\"rank-math-link\" href=\"https:\/\/www.epressi.com\/tiedotteet\/kaupungit-ja-kunnat\/eurooppa-foorumi-kokoaa-politiikan-huippunimet-turkuun-paaministerin-johdolla-elokuussa.html\" target=\"_blank\" rel=\"noopener\">7.5.2021 Eurooppa-foorumi kokoaa politiikan huippunimet Turkuun p\u00e4\u00e4ministerin johdolla elokuussa<\/a><\/p>\n<p><a class=\"rank-math-link\" href=\"https:\/\/www.epressi.com\/tiedotteet\/kaupungit-ja-kunnat\/mediakutsu-eurooppa-foorumin-ohjelma-huippunimineen-julkistetaan-eurooppa-paivan-digitapahtumassa-7.5.2021.html\" target=\"_blank\" rel=\"noopener\">6.5.2021 Mediakutsu: Eurooppa-foorumin ohjelma huippunimineen julkistetaan Eurooppa-p\u00e4iv\u00e4n digitapahtumassa 7.5.2021<\/a>[\/vc_column_text][\/toggle][\/toggles][\/vc_column][\/vc_row]\n","protected":false},"excerpt":{"rendered":"<p>[vc_row type=&#8221;full_width_background&#8221; full_screen_row_position=&#8221;middle&#8221; column_margin=&#8221;default&#8221; column_direction=&#8221;default&#8221; column_direction_tablet=&#8221;default&#8221; column_direction_phone=&#8221;default&#8221; bg_color=&#8221;#ffffff&#8221; animated_gradient_bg=&#8221;true&#8221; animated_gradient_bg_color_1=&#8221;#e5ecff&#8221; animated_gradient_bg_color_2=&#8221;#c6dcff&#8221; animated_gradient_bg_speed=&#8221;850&#8243; animated_gradient_bg_blending_mode=&#8221;linear&#8221; scene_position=&#8221;center&#8221; top_padding=&#8221;180&#8243; bottom_padding=&#8221;4%&#8221; top_padding_tablet=&#8221;50&#8243; top_padding_phone=&#8221;50&#8243; bottom_padding_phone=&#8221;15%&#8221; text_color=&#8221;dark&#8221; text_align=&#8221;left&#8221; row_border_radius=&#8221;none&#8221; row_border_radius_applies=&#8221;bg&#8221; overflow=&#8221;visible&#8221; overlay_strength=&#8221;0.3&#8243; gradient_direction=&#8221;left_to_right&#8221; shape_divider_position=&#8221;bottom&#8221; bg_image_animation=&#8221;none&#8221; gradient_type=&#8221;default&#8221; shape_type=&#8221;&#8221;][vc_column&#8230;<\/p>\n","protected":false},"author":1,"featured_media":0,"parent":0,"menu_order":0,"comment_status":"closed","ping_status":"closed","template":"","meta":{"footnotes":""},"class_list":["post-6416","page","type-page","status-publish"],"_links":{"self":[{"href":"https:\/\/europeforum.fi\/en\/wp-json\/wp\/v2\/pages\/6416","targetHints":{"allow":["GET"]}}],"collection":[{"href":"https:\/\/europeforum.fi\/en\/wp-json\/wp\/v2\/pages"}],"about":[{"href":"https:\/\/europeforum.fi\/en\/wp-json\/wp\/v2\/types\/page"}],"author":[{"embeddable":true,"href":"https:\/\/europeforum.fi\/en\/wp-json\/wp\/v2\/users\/1"}],"replies":[{"embeddable":true,"href":"https:\/\/europeforum.fi\/en\/wp-json\/wp\/v2\/comments?post=6416"}],"version-history":[{"count":15,"href":"https:\/\/europeforum.fi\/en\/wp-json\/wp\/v2\/pages\/6416\/revisions"}],"predecessor-version":[{"id":11540,"href":"https:\/\/europeforum.fi\/en\/wp-json\/wp\/v2\/pages\/6416\/revisions\/11540"}],"wp:attachment":[{"href":"https:\/\/europeforum.fi\/en\/wp-json\/wp\/v2\/media?parent=6416"}],"curies":[{"name":"wp","href":"https:\/\/api.w.org\/{rel}","templated":true}]}}